{"id":10,"date":"2013-02-11T15:16:44","date_gmt":"2013-02-11T14:16:44","guid":{"rendered":"http:\/\/pogubbio.dotstage.net\/?page_id=10"},"modified":"2021-03-10T22:16:58","modified_gmt":"2021-03-10T21:16:58","slug":"programma","status":"publish","type":"page","link":"http:\/\/www.pariopportunitagubbio.it\/index.php\/programma\/","title":{"rendered":"Programma"},"content":{"rendered":"\n<h4 style=\"text-align: center;\"><strong>Programma attivit\u00e0 CPO 2021<\/strong><br \/><br \/><\/h4>\n<ol>\n<li>\n<h4>Azione di supporto al Centro Antiviolenza Semiresidenziale di nuova apertura a Gubbio<\/h4>\n<\/li>\n<\/ol>\n<p style=\"text-align: justify;\">Dal 2013 la CPO ha sempre collaborato con il Punto di Ascolto, inaugurato proprio in quell\u2019anno, situato all\u2019interno del Servizio Programmazione e Servizi Sociali del Comune di Gubbio. Oggi la CPO vuole rinnovare il proprio impegno supportando e promuovendo il futuro CAV semiresidenziale, gestito dall\u2019Associazione Liberamente Donna, sensibilizzando il territorio e seguendo le necessit\u00e0 che verranno riscontrate dopo l\u2019apertura.<br \/><br \/><\/p>\n<ol start=\"2\">\n<li>\n<h4>Celebrazione dell\u20198 marzo<\/h4>\n<\/li>\n<\/ol>\n<p style=\"text-align: justify;\">In occasione dell\u20198 marzo, Giornata Internazionale della donna, la CPO intende organizzare, come negli anni precedenti alcune iniziative rivolte sia alla cittadinanza che alle scuole del territorio. Verranno quindi proposti momenti di approfondimento culturale, incontri e dibattiti proseguendo la collaborazione con la Biblioteca Sperelliana, il Teatro Luca Ronconi, l\u2019Associazione La Citt\u00e0 delle Donne, gli Assessorati comunali e regionali, altri organismi istituzionali ed associazioni. Gli eventi verranno organizzati in modalit\u00e0 online, tramite la pagina facebook della CPO o altre piattaforme, qualora non sar\u00e0 possibile effettuarli dal vivo.<br \/><br \/><\/p>\n<ol start=\"3\">\n<li>\n<h4>Bando per la realizzazione di manifesti di sensibilizzazione<\/h4>\n<\/li>\n<\/ol>\n<p style=\"text-align: justify;\">Nell\u2019ambito delle iniziative messe in campo in occasione della data dell\u20198 marzo la CPO propone la creazione di un bando per un concorso di idee finalizzato alla selezione di opere al fine di realizzare una campagna di sensibilizzazione sul tema della donna e delle pari opportunit\u00e0. Tutti potranno partecipare inviando le proprie opere, eseguite con qualsiasi tecnica (pittura, fotografia, scultura, grafica&#8230;) e successivamente riportate sotto forma di immagini digitali per realizzare i manifesti accompagnate da relativo slogan, preferibilmente integrato nell&#8217;immagine. La CPO curer\u00e0 la realizzazione della campagna di sensibilizzazione provvedendo alla progettazione grafica, alla stampa e diffusione dei manifesti attraverso l\u2019affissione nei Comuni della Zona Sociale 7 e la diffusione sui social e media.<br \/><br \/><\/p>\n<ol start=\"4\">\n<li>\n<h4>Collaborazione con il Centro Sportivo Italiano \u2013 Comitato di Gubbio<\/h4>\n<\/li>\n<\/ol>\n<p style=\"text-align: justify;\">Se sar\u00e0 possibile svolgere attivit\u00e0 sportive di questo tipo, la CPO rinnover\u00e0 l\u2019adesione all\u2019iniziativa annuale del CSI denominata \u201cCalcetto in Rosa\u201d: il torneo femminile di calcio a 5 con squadre affiliate al CSI provenienti da diverse regioni d\u2019Italia.<br \/>Al torneo partecipano di solito intorno alle 100-150 persone tra atlete, accompagnatori e dirigenti.<br \/><br \/><\/p>\n<ol start=\"5\">\n<li>\n<h4>Collaborazione con i servizi territoriali dell\u2019Usl Umbria 1, del Comune di Gubbio, degli istituti scolatici e con esperti esterni.<\/h4>\n<\/li>\n<\/ol>\n<p style=\"text-align: justify;\">Promozione dei servizi territoriali di prevenzione e cura della salute della donna, in particolar modo con il servizio Consultoriale, per lo sviluppo di nuovi percorsi di coinvolgimento della cittadinanza.<br \/>La CPO, oltre alla collaborazione di promozione di attivit\u00e0 di informazione e sensibilizzazione del Consultorio stesso, auspica di raccordare gli attori in campo e di apportare nelle scuole del territorio, grazie a professionisti ed esperti esterni, progetti sulle pari opportunit\u00e0, sugli stereotipi di genere e sull\u2019educazione sessuale e sentimentale, al fine di aumentare la conoscenza di questi argomenti a ragazze e ragazzi.<br \/><br \/><\/p>\n<ol start=\"6\">\n<li>\n<h4>\u201cOfficina dell\u2019IO\u201d: organizzazione di un corso di promozione all\u2019autostima e all\u2019autodeterminazione.<\/h4>\n<\/li>\n<\/ol>\n<p style=\"text-align: justify;\">Tra le attivit\u00e0 in programmazione vi \u00e8 la realizzazione di un corso per promuovere l\u2019autostima e l\u2019autodeterminazione tra i pi\u00f9 giovani prevedendo la collaborazione con enti che si occupano di salute mentale (Centro Salute Mentale e Servizio Integrato Et\u00e0 Evolutiva) e\/o con personale esterno esperto.<br \/><br \/>Il passaggio dall\u2019adolescenza alla vita adulta \u00e8 una fase delicata per delineare il futuro e la qualit\u00e0 di vita di tutti e si arricchisce di maggiori complessit\u00e0 per i giovani. Il presente contributo, inserendosi nel dibattito contemporaneo, si pone per delineare alcune indicazioni metodologiche orientate alla costruzione di progetti di vita equi e sostenibili per tutti e per ciascuno, secondo un modello ecologico, sociale e umano. <br \/><br \/>Tale corso affronter\u00e0 tematiche diverse come ad esempio la scarsa sicurezza dell\u2019immagine del proprio corpo, l\u2019eliminazione di stereotipi di genere, la cultura della realt\u00e0 e ogni forma di dipendenza (da quelle dei videogiochi a quelle sulle droghe).<br \/><br \/><\/p>\n<ol start=\"7\">\n<li>\n<h4>Corso di autodifesa<\/h4>\n<\/li>\n<\/ol>\n<p style=\"text-align: justify;\">La CPO propone la realizzazione del corso di autodifesa \u201cPippi Lotta\u201d per le donne del territorio.<br \/>Perch\u00e9 un corso di autodifesa femminista?<br \/>\u201cL\u2019autodifesa femminista (o empowerment self-defense) adotta uno sguardo il pi\u00f9 possibile completo sulla violenza, senza limitarsi a fornire gli strumenti pratici per reagire ad un\u2019aggressione, sebbene anche questo sia parte integrante delle lezioni. Tale set di conoscenze pratiche va integrato da una prospettiva politica e di analisi volta a contestualizzare la violenza, prendendo atto della sua realt\u00e0 innanzitutto strutturale e simbolica, ovvero socialmente prodotta.<br \/>Per questo, ogni lezione si articola in due momenti: il primo di mezz&#8217;ora, teorico-riflessivo, necessario per costruire la coscienza del proprio intorno e della sua influenza su noi stesse; il secondo di un&#8217;ora e mezza, pratico, dedicato all&#8217;esercizio delle tecniche vere e proprie e volto ad acquisire consapevolezza del nostro corpo e delle sue molteplici possibilit\u00e0.<br \/>L\u2019esercizio fisico e di contatto consente piano piano di abbattere quelle che potremmo chiamare \u201cvulnerabilit\u00e0 incorporate\u201d, che ci derivano dall\u2019interiorizzazione di stereotipi, ruoli, categorie che vorrebbero le donne remissive, deboli, subordinate.<br \/>Esercitare uno sguardo cosciente sulla violenza di genere in un ambiente non-giudicante permette una rilettura del trauma vissuto, scevra dal biasimo e dalla colpevolizzazione. Ampliare il ventaglio delle proprie scelte, grazie agli strumenti appresi durante il corso, consente una maggiore indulgenza verso il proprio s\u00e9 passato, e una rinnovata fiducia nel s\u00e9 futuro.<br \/>Il corso di autodifesa femminista fornisce una cassetta degli attrezzi. Questo \u00e8 il suo limite e insieme il suo pi\u00f9 grande pregio. Pi\u00f9 la si riempie, pi\u00f9 situazioni si sar\u00e0 pronte ad affrontare, tenendo presente che ci sar\u00e0 sempre la possibilit\u00e0 di non avere l&#8217;attrezzo adatto: si pu\u00f2 solo rendere questa eventualit\u00e0 il pi\u00f9 rara possibile.\u201d<br \/>Naturalmente, il corso verr\u00e0 organizzato solo se durante l\u2019anno saranno consentite attivit\u00e0 di contatto. La lezione di gruppo sarebbe una volta a settimana per un numero di mensilit\u00e0 che verranno decise in seguito. La CPO vorrebbe contribuire offrendo il corso ad un numero di donne che verr\u00e0 stabilito in base al budget stanziato e in base alla richiesta del territorio.<br \/><br \/><\/p>\n<ol start=\"8\">\n<li>\n<h4>Impegno per la lotta contro la violenza di genere<\/h4>\n<\/li>\n<\/ol>\n<p style=\"text-align: justify;\">Per celebrare il 25 novembre, Giornata Internazionale contro la violenza sulle donne secondo la risoluzione ONU del 17\/12\/1999 n. 54\/134, la CPO intende realizzare iniziative che coinvolgano la cittadinanza tutta, con un&#8217;attenzione specifica per i giovani del territorio, attraverso esperienze che li rendano sempre pi\u00f9 consapevoli della necessit\u00e0 di impegnarsi per combattere ogni forma di violenza e discriminazione. Per tale motivo ritiene opportuno riproporre vari eventi ed incontri sul territorio, in primis quelli che, causa emergenza sanitaria in corso, non si sono potuti svolgere nel 2019. In particolare:<\/p>\n<ul>\n<li>\n<p>Performance teatrale \u201cI am\u201d di e con Carmela de Marte con la partecipazione di Riccardo Ruspi, esperto del metodo caviardage, con la presentazione della sua mostra di scrittura poetica;<\/p>\n<\/li>\n<li>\n<p>Presentazione del libro \u201cGiovinette. Le calciatrici che sfidarono il Duce\u201d con la scrittice Federica Seneghini. In collaborazione con Biblioteca Sperelliana, FotoLibri e Associazione Leukos;<\/p>\n<\/li>\n<li>\n<p>Presentazione dell&#8217;autobiografia \u201cPer il mio bene\u201d alla presenza dell&#8217;autrice Ema Stockolma sul tema della violenza domestica in collaborazione con Ass. La Citt\u00e0 delle Donne;<\/p>\n<\/li>\n<li>\n<p>Proiezione cinematografica presso il Cinema Italia di Gubbio con accesso gratuito alla cittadinanza;<\/p>\n<\/li>\n<li>\n<p>Produzione di materiale informativo sul tema della violenza sulle donne.<\/p>\n<\/li>\n<\/ul>\n<p style=\"text-align: justify;\">Naturalmente, se non sar\u00e0 permesso svolgere attivit\u00e0 in presenza, la CPO prender\u00e0 in considerazione modalit\u00e0 a distanza, al fine di poter sensibilizzare e raggiungere il maggior numero di persone possibile.<br \/><br \/><br \/><strong>11. Supporto al reparto di senologia dell\u2019Ospedale di Branca<\/strong><br \/><br \/>Nel corso dei mesi di chiusura causata dalla covid 19, sono state rimandate in Italia moltissime diagnosi precoci di tumore e, tra queste, anche quelle di tumore della mammella: questo \u00e8 quello pi\u00f9 frequente nelle donne, con una tendenza negli ultimi anni ad aumentare, soprattutto nella fascia d\u2019et\u00e0 tra 45 e 49 anni. La campagna vuole richiamare l\u2019attenzione sulla diagnosi precoce: fondamentale per migliorare la sopravvivenza a 5 anni, oggi attestata all\u201987%.<br \/><br \/>La CPO si propone di collaborare con il reparto di senologia e le associazioni territoriali al fine di promuovere la creazione di una raccolta fondi per l&#8217;acquisto di strumentazione per la diagnosi precoce.<br \/><br \/>Inoltre, se consentito, in base all&#8217;andamento della pandemia di Covid-19, di concerto con l&#8217;Associazione Eugubina per la Lotta contro il cancro (AELC), si organizzeranno giornate di prevenzione nel reparto di senologia, campagna di sensibilizzazione gi\u00e0 proposta negli anni scorsi a cui hanno aderito molte donne.<br \/><br \/><strong>12. Azioni interne alla Commissione stessa<\/strong><\/p>\n<ul>\n<li>\n<p>Aggiornamento sito internet;<\/p>\n<\/li>\n<li>\n<p>Sistemazione della sede della Commissione;<\/p>\n<\/li>\n<li>\n<p>Revisione e aggiornamento dell\u2019attuale regolamento;<\/p>\n<\/li>\n<li>\n<p>Aggiornamento e creazione materiali informativi<\/p>\n<\/li>\n<li>\n<p>Inserimento nel sito della CPO di collegamenti al sito USL e ad altre istituzioni o associazioni che svolgono attivit\u00e0 affini alla stessa, previa approvazione da parte dei membri della Commissione.<\/p>\n<\/li>\n<\/ul>\n<p style=\"text-align: justify;\"><br \/><strong>13. Istituzione borsa di studio \u201cEleonora Benveduti\u201d <\/strong><br \/><br \/>La CPO ha proposto l&#8217;istituzione di un premio di laurea da assegnare alla migliore tesi che abbia ad oggetto una figura femminile del passato.<br \/>Si \u00e8 chiesto agli uffici la fattibilit\u00e0 di tale iniziativa e si sta lavorando alla stesura di un bando di concorso <br \/><br \/><br \/><strong>14. Evento ludico presso la Ludoteca Comunale<\/strong><br \/><br \/>La CPO vorrebbe organizzare uno o pi\u00f9 incontri destinati a bambine\/i e famiglie, per sensibilizzare sulla parit\u00e0 di genere nei giochi, in collaborazione con il Comune, l\u2019Informagiovani e la Ludoteca Comunale \u201cLa quarta dimensione del gioco\u201d.<br \/>Infatti, l&#8217;educazione al rispetto dell&#8217;altro sesso comincia da piccoli, da quando i bambini iniziano ad osservare i comportamenti in casa e fuori casa delle persone vicine a loro. Nella societ\u00e0 di oggi \u00e8 fondamentale educare sin da piccoli i bambini (maschi e femmine) al rispetto dell&#8217;altro sesso, alla parit\u00e0, a combattere gli stereotipi sociali e culturali da cui siamo pervasi.<br \/>Tutto ci\u00f2 sar\u00e0 subordinato alla possibilit\u00e0 di svolgere eventi in presenza.<br \/><br \/><br \/><strong>14. Patrocinio all\u2019iniziativa \u201cPanchina rossa\u201d <\/strong><br \/><br \/>L&#8217;Associazione \u201cStati Generali delle Donne\u201d ha chiesto alla CPO di patrocinare la campagna di sensibilizzazione \u201cpanchina rossa\u201d che consiste nella tinteggiatura di una panchina gi\u00e0 esistente. Il colore rosso simboleggia il posto occupato da una donna che non c\u2019\u00e8 pi\u00f9, portata via dalla violenza. La panchina rossa, collocata in una piazza, in un giardino pubblico, davanti ad una scuola, a un museo o in un centro commerciale, mantiene viva una presenza.<br \/><br \/><strong>15. Campagna del fiocco bianco<\/strong><br \/><br \/>Stante l&#8217;attuale emergenza epidemiologica, la CPO si trova impossibilitata ad organizzare la consueta distribuzione dei fiocchi bianchi, simboli dell\u2019impegno maschile contro la violenza alle donne, pertanto, si proceder\u00e0 all&#8217;acquisto e alla distribuzione di mascherine recanti il simbolo del fiocco bianco. <br \/><br \/><br \/><strong>16. Organizzazione corsi di formazione professionale gratuiti destinati alle donne e monitoraggio sull&#8217;occupazione femminile<\/strong><br \/><br \/>La CPO propone l&#8217;organizzazione di corsi di formazione professionale gratuiti e destinati alle donne.<br \/>\u00c8 necessario studiare percorsi formativi disegnati su misura per le donne, con orari intelligenti per ridurre i tassi di abbandono (svolgimento dei corsi quando i bimbi sono all\u2019asilo o a scuola), ma anche, e soprattutto, finalizzati a contrastare la segregazione occupazionale, decostruendo aspettative e stereotipi di genere nel mercato del lavoro.<br \/>La Commissione, qualora tale richiesta fosse accolta, collaborerebbe con gli uffici preposti per presentare e\/o cooprogettare una nuova offerta formativa.<br \/>Per la copertura delle spese si potrebbe attingere ai fondi europei.<br \/>La CPO in collaborazione con gli Assessorati alle Politiche Sociali e alla Cultura propone la realizzazione di un progetto di monitoraggio del lavoro femminile finalizzato ad analizzare:<\/p>\n<ul>\n<li>\n<p>la realt\u00e0 lavorativa e le prospettive occupazionali delle donne in et\u00e0 fertile;<\/p>\n<\/li>\n<li>\n<p>le problematiche inerenti il rapporto tra maternit\u00e0, lavoro di cura e occupazione \u2013 disoccupazione femminile;<\/p>\n<\/li>\n<li>\n<p>la conoscenza, l&#8217;uso e la disponibilit\u00e0 ambientale degli strumenti legislativi di sostegno alla genitorialit\u00e0.<\/p>\n<\/li>\n<\/ul>\n<p style=\"text-align: justify;\"><strong>17. Promozione e diffusione di messaggi sul tema della parit\u00e0<\/strong><br \/><br \/>Attraverso le piattaforme social e attraverso una possibile collaborazione con testate giornalistiche locali, la CPO si propone di divulgare messaggi sulla parit\u00e0 di genere: frasi, poesie, testi di canzoni, consigli di lettura o di visione di film e cortometraggi, ecc per riuscire a promuovere i nostri ideali all\u2019intera cittadinanza.<br \/><br \/><strong>18. Collaborazione con il Digipas di Gubbio<\/strong><br \/><br \/>La CPO si propone di organizzare, grazie alla collaborazione con il Digipas di Gubbio, incontri formativi ed iniziative on-line per sensibilizzare sul tema della lotta contro la violenza sulle donne.<br \/><br \/><br \/><br \/><br \/><br \/><br \/><br \/><br \/><\/p>\n","protected":false},"excerpt":{"rendered":"<p>Programma attivit\u00e0 CPO 2021 Azione di supporto al Centro Antiviolenza Semiresidenziale di nuova apertura a Gubbio Dal 2013 la CPO ha sempre collaborato con il Punto di Ascolto, inaugurato proprio in quell\u2019anno, situato all\u2019interno del Servizio Programmazione e Servizi Sociali del Comune di Gubbio. Oggi la CPO vuole rinnovare il proprio impegno supportando e promuovendo [&hellip;]<\/p>\n","protected":false},"author":1,"featured_media":0,"parent":0,"menu_order":0,"comment_status":"open","ping_status":"open","template":"","meta":{"_monsterinsights_skip_tracking":false,"_monsterinsights_sitenote_active":false,"_monsterinsights_sitenote_note":"","_monsterinsights_sitenote_category":0,"ngg_post_thumbnail":0,"footnotes":""},"class_list":["post-10","page","type-page","status-publish","hentry"],"_links":{"self":[{"href":"http:\/\/www.pariopportunitagubbio.it\/index.php\/wp-json\/wp\/v2\/pages\/10","targetHints":{"allow":["GET"]}}],"collection":[{"href":"http:\/\/www.pariopportunitagubbio.it\/index.php\/wp-json\/wp\/v2\/pages"}],"about":[{"href":"http:\/\/www.pariopportunitagubbio.it\/index.php\/wp-json\/wp\/v2\/types\/page"}],"author":[{"embeddable":true,"href":"http:\/\/www.pariopportunitagubbio.it\/index.php\/wp-json\/wp\/v2\/users\/1"}],"replies":[{"embeddable":true,"href":"http:\/\/www.pariopportunitagubbio.it\/index.php\/wp-json\/wp\/v2\/comments?post=10"}],"version-history":[{"count":13,"href":"http:\/\/www.pariopportunitagubbio.it\/index.php\/wp-json\/wp\/v2\/pages\/10\/revisions"}],"predecessor-version":[{"id":832,"href":"http:\/\/www.pariopportunitagubbio.it\/index.php\/wp-json\/wp\/v2\/pages\/10\/revisions\/832"}],"wp:attachment":[{"href":"http:\/\/www.pariopportunitagubbio.it\/index.php\/wp-json\/wp\/v2\/media?parent=10"}],"curies":[{"name":"wp","href":"https:\/\/api.w.org\/{rel}","templated":true}]}}